{"id":1666,"date":"0205-05-26T14:52:55","date_gmt":"0205-05-26T14:52:55","guid":{"rendered":"https:\/\/wif2.deegita.com\/?post_type=tour&#038;p=1666"},"modified":"2025-06-13T11:55:42","modified_gmt":"2025-06-13T11:55:42","slug":"galer%c3%ada-de-los-uffizi","status":"publish","type":"tour","link":"https:\/\/www.walksinsideflorence.it\/es\/tour\/galer%c3%ada-de-los-uffizi\/","title":{"rendered":"La Galer\u00eda de los Uffizi"},"content":{"rendered":"<p>La <strong>Galer\u00eda Uffizi<\/strong>, s\u00edmbolo de la cultura florentina desde el Cinquecento hasta hoy, recibe el nombre de Uffizi por el palacio encargado por el <strong>gran duque Cosme I<\/strong> a su arquitecto de corte: <strong>Giorgio Vasari<\/strong>.<\/p>\n<p>En poco m\u00e1s de veinte a\u00f1os Vasari realiza un imponente edificio, su obra maestra arquitect\u00f3nica. En el palacio ten\u00edan su sede las principales magistraturas u Oficinas del Estado. En 1565 Cosme I confi\u00f3 tambi\u00e9n a su arquitecto de corte un Corredor, llamado despu\u00e9s <strong>Vasariano<\/strong>, para unir los Uffizi con el <strong>Palacio Pitti<\/strong>, su residencia. Fue el primog\u00e9nito de Cosme I, Francisco I el que decidi\u00f3 abrir en el \u00faltimo piso del palacio el que se convertir\u00eda en <strong>el museo m\u00e1s antiguo de Europa<\/strong>. Francisco I reuni\u00f3 toda una colecci\u00f3n de obras de arte porque consideraba la colecci\u00f3n de arte de los M\u00e9dicis no como un bien privado sino come un importante elemento de prestigio pol\u00edtico a nivel internacional de su estirpe.<\/p>\n<h2>Visitar Galeria Uffizi Florencia: Las <strong>colecciones Mediceas<\/strong><\/h2>\n<p>fueron creciendo constantemente por obra de casi todos los miembros de la familia. Despu\u00e9s de la muerte del \u00faltimo gran duque mediceo, Juan Gast\u00f3n, su hermana Ana Mar\u00eda Luisa, electriz palatina, consigui\u00f3 con el famoso \u201c<em>Pacto de familia<\/em>\u201d del 1737 que <strong>los Lorena<\/strong>, sucesores de los M\u00e9dicis por decisi\u00f3n de las potencias europeas, aceptasen donar a la ciudad de Florencia las riqu\u00edsimas colecciones de arte que los M\u00e9dicis hab\u00edan reunido con pasi\u00f3n durante trescientos a\u00f1os.<\/p>\n<p>La actual <strong>Galer\u00eda Uffizi<\/strong> es el resultado de escrupulosos y atentos trabajos de restauraci\u00f3n y renovaci\u00f3n de las salas. El paseo por las m\u00e1s de cuarenta salas del museo nos llevar\u00e1 a conocer los <strong>logros del Renacimiento<\/strong>. Terminaremos nuestra visita guiada a la Galeria Uffizi pudiendo admirar las maravillosas obras de <strong>Botticelli, Filippo Lippi, el Beato Angelico, Leonardo da Vinci, Miguel Angel, Rafael, Tiziano<\/strong>&#8230;<\/p>\n","protected":false},"featured_media":993,"template":"","meta":{"_acf_changed":false},"tour-category":[42],"tour-type":[46],"class_list":["post-1666","tour","type-tour","status-publish","has-post-thumbnail","hentry","tour-category-visitas-privadas-tours-florencia","tour-type-tours-de-arte-e-historia"],"acf":[],"yoast_head":"<!-- This site is optimized with the Yoast SEO plugin v26.9 - https:\/\/yoast.com\/product\/yoast-seo-wordpress\/ -->\n<title>La Galer\u00eda de los Uffizi - Walks Inside Florence<\/title>\n<meta name=\"description\" content=\"La Galer\u00eda de los Uffizi. Customized tours led by LICENSED guides just for your party! Find put more\" \/>\n<meta name=\"robots\" content=\"index, follow, max-snippet:-1, max-image-preview:large, max-video-preview:-1\" \/>\n<link rel=\"canonical\" href=\"https:\/\/www.walksinsideflorence.it\/es\/tour\/galer%c3%ada-de-los-uffizi\/\" \/>\n<meta property=\"og:locale\" content=\"es_ES\" \/>\n<meta property=\"og:type\" content=\"article\" \/>\n<meta property=\"og:title\" content=\"La Galer\u00eda de los Uffizi - Walks Inside Florence\" \/>\n<meta property=\"og:description\" content=\"La Galer\u00eda de los Uffizi. Customized tours led by LICENSED guides just for your party! Find put more\" \/>\n<meta property=\"og:url\" content=\"https:\/\/www.walksinsideflorence.it\/es\/tour\/galer%c3%ada-de-los-uffizi\/\" \/>\n<meta property=\"og:site_name\" content=\"Walks Inside Florence\" \/>\n<meta property=\"article:modified_time\" content=\"2025-06-13T11:55:42+00:00\" \/>\n<meta property=\"og:image\" content=\"https:\/\/www.walksinsideflorence.it\/wp-content\/uploads\/2025\/05\/uffizi-private-1.jpg\" \/>\n\t<meta property=\"og:image:width\" content=\"1000\" \/>\n\t<meta property=\"og:image:height\" content=\"727\" \/>\n\t<meta property=\"og:image:type\" content=\"image\/jpeg\" \/>\n<meta name=\"twitter:card\" content=\"summary_large_image\" \/>\n<meta name=\"twitter:label1\" content=\"Tiempo de lectura\" \/>\n\t<meta name=\"twitter:data1\" content=\"2 minutos\" \/>\n<script type=\"application\/ld+json\" class=\"yoast-schema-graph\">{\"@context\":\"https:\/\/schema.org\",\"@graph\":[{\"@type\":\"WebPage\",\"@id\":\"https:\/\/www.walksinsideflorence.it\/es\/tour\/galer%c3%ada-de-los-uffizi\/\",\"url\":\"https:\/\/www.walksinsideflorence.it\/es\/tour\/galer%c3%ada-de-los-uffizi\/\",\"name\":\"La Galer\u00eda de los Uffizi - Walks Inside Florence\",\"isPartOf\":{\"@id\":\"https:\/\/www.walksinsideflorence.it\/es\/#website\"},\"primaryImageOfPage\":{\"@id\":\"https:\/\/www.walksinsideflorence.it\/es\/tour\/galer%c3%ada-de-los-uffizi\/#primaryimage\"},\"image\":{\"@id\":\"https:\/\/www.walksinsideflorence.it\/es\/tour\/galer%c3%ada-de-los-uffizi\/#primaryimage\"},\"thumbnailUrl\":\"https:\/\/www.walksinsideflorence.it\/wp-content\/uploads\/2025\/05\/uffizi-private-1.jpg\",\"datePublished\":\"0205-05-26T14:52:55+00:00\",\"dateModified\":\"2025-06-13T11:55:42+00:00\",\"description\":\"La Galer\u00eda de los Uffizi. Customized tours led by LICENSED guides just for your party! Find put more\",\"breadcrumb\":{\"@id\":\"https:\/\/www.walksinsideflorence.it\/es\/tour\/galer%c3%ada-de-los-uffizi\/#breadcrumb\"},\"inLanguage\":\"es\",\"potentialAction\":[{\"@type\":\"ReadAction\",\"target\":[\"https:\/\/www.walksinsideflorence.it\/es\/tour\/galer%c3%ada-de-los-uffizi\/\"]}]},{\"@type\":\"ImageObject\",\"inLanguage\":\"es\",\"@id\":\"https:\/\/www.walksinsideflorence.it\/es\/tour\/galer%c3%ada-de-los-uffizi\/#primaryimage\",\"url\":\"https:\/\/www.walksinsideflorence.it\/wp-content\/uploads\/2025\/05\/uffizi-private-1.jpg\",\"contentUrl\":\"https:\/\/www.walksinsideflorence.it\/wp-content\/uploads\/2025\/05\/uffizi-private-1.jpg\",\"width\":1000,\"height\":727,\"caption\":\"METADATA-START\"},{\"@type\":\"BreadcrumbList\",\"@id\":\"https:\/\/www.walksinsideflorence.it\/es\/tour\/galer%c3%ada-de-los-uffizi\/#breadcrumb\",\"itemListElement\":[{\"@type\":\"ListItem\",\"position\":1,\"name\":\"Home\",\"item\":\"https:\/\/www.walksinsideflorence.it\/es\/\"},{\"@type\":\"ListItem\",\"position\":2,\"name\":\"La Galer\u00eda de los Uffizi\"}]},{\"@type\":\"WebSite\",\"@id\":\"https:\/\/www.walksinsideflorence.it\/es\/#website\",\"url\":\"https:\/\/www.walksinsideflorence.it\/es\/\",\"name\":\"Walks Inside Florence\",\"description\":\"\",\"publisher\":{\"@id\":\"https:\/\/www.walksinsideflorence.it\/es\/#organization\"},\"potentialAction\":[{\"@type\":\"SearchAction\",\"target\":{\"@type\":\"EntryPoint\",\"urlTemplate\":\"https:\/\/www.walksinsideflorence.it\/es\/?s={search_term_string}\"},\"query-input\":{\"@type\":\"PropertyValueSpecification\",\"valueRequired\":true,\"valueName\":\"search_term_string\"}}],\"inLanguage\":\"es\"},{\"@type\":\"Organization\",\"@id\":\"https:\/\/www.walksinsideflorence.it\/es\/#organization\",\"name\":\"Walks Inside Florence\",\"url\":\"https:\/\/www.walksinsideflorence.it\/es\/\",\"logo\":{\"@type\":\"ImageObject\",\"inLanguage\":\"es\",\"@id\":\"https:\/\/www.walksinsideflorence.it\/es\/#\/schema\/logo\/image\/\",\"url\":\"https:\/\/www.walksinsideflorence.it\/wp-content\/uploads\/2025\/05\/logo.png\",\"contentUrl\":\"https:\/\/www.walksinsideflorence.it\/wp-content\/uploads\/2025\/05\/logo.png\",\"width\":170,\"height\":97,\"caption\":\"Walks Inside Florence\"},\"image\":{\"@id\":\"https:\/\/www.walksinsideflorence.it\/es\/#\/schema\/logo\/image\/\"}}]}<\/script>\n<!-- \/ Yoast SEO plugin. -->","yoast_head_json":{"title":"La Galer\u00eda de los Uffizi - Walks Inside Florence","description":"La Galer\u00eda de los Uffizi. Customized tours led by LICENSED guides just for your party! Find put more","robots":{"index":"index","follow":"follow","max-snippet":"max-snippet:-1","max-image-preview":"max-image-preview:large","max-video-preview":"max-video-preview:-1"},"canonical":"https:\/\/www.walksinsideflorence.it\/es\/tour\/galer%c3%ada-de-los-uffizi\/","og_locale":"es_ES","og_type":"article","og_title":"La Galer\u00eda de los Uffizi - Walks Inside Florence","og_description":"La Galer\u00eda de los Uffizi. Customized tours led by LICENSED guides just for your party! Find put more","og_url":"https:\/\/www.walksinsideflorence.it\/es\/tour\/galer%c3%ada-de-los-uffizi\/","og_site_name":"Walks Inside Florence","article_modified_time":"2025-06-13T11:55:42+00:00","og_image":[{"width":1000,"height":727,"url":"https:\/\/www.walksinsideflorence.it\/wp-content\/uploads\/2025\/05\/uffizi-private-1.jpg","type":"image\/jpeg"}],"twitter_card":"summary_large_image","twitter_misc":{"Tiempo de lectura":"2 minutos"},"schema":{"@context":"https:\/\/schema.org","@graph":[{"@type":"WebPage","@id":"https:\/\/www.walksinsideflorence.it\/es\/tour\/galer%c3%ada-de-los-uffizi\/","url":"https:\/\/www.walksinsideflorence.it\/es\/tour\/galer%c3%ada-de-los-uffizi\/","name":"La Galer\u00eda de los Uffizi - Walks Inside Florence","isPartOf":{"@id":"https:\/\/www.walksinsideflorence.it\/es\/#website"},"primaryImageOfPage":{"@id":"https:\/\/www.walksinsideflorence.it\/es\/tour\/galer%c3%ada-de-los-uffizi\/#primaryimage"},"image":{"@id":"https:\/\/www.walksinsideflorence.it\/es\/tour\/galer%c3%ada-de-los-uffizi\/#primaryimage"},"thumbnailUrl":"https:\/\/www.walksinsideflorence.it\/wp-content\/uploads\/2025\/05\/uffizi-private-1.jpg","datePublished":"0205-05-26T14:52:55+00:00","dateModified":"2025-06-13T11:55:42+00:00","description":"La Galer\u00eda de los Uffizi. Customized tours led by LICENSED guides just for your party! Find put more","breadcrumb":{"@id":"https:\/\/www.walksinsideflorence.it\/es\/tour\/galer%c3%ada-de-los-uffizi\/#breadcrumb"},"inLanguage":"es","potentialAction":[{"@type":"ReadAction","target":["https:\/\/www.walksinsideflorence.it\/es\/tour\/galer%c3%ada-de-los-uffizi\/"]}]},{"@type":"ImageObject","inLanguage":"es","@id":"https:\/\/www.walksinsideflorence.it\/es\/tour\/galer%c3%ada-de-los-uffizi\/#primaryimage","url":"https:\/\/www.walksinsideflorence.it\/wp-content\/uploads\/2025\/05\/uffizi-private-1.jpg","contentUrl":"https:\/\/www.walksinsideflorence.it\/wp-content\/uploads\/2025\/05\/uffizi-private-1.jpg","width":1000,"height":727,"caption":"METADATA-START"},{"@type":"BreadcrumbList","@id":"https:\/\/www.walksinsideflorence.it\/es\/tour\/galer%c3%ada-de-los-uffizi\/#breadcrumb","itemListElement":[{"@type":"ListItem","position":1,"name":"Home","item":"https:\/\/www.walksinsideflorence.it\/es\/"},{"@type":"ListItem","position":2,"name":"La Galer\u00eda de los Uffizi"}]},{"@type":"WebSite","@id":"https:\/\/www.walksinsideflorence.it\/es\/#website","url":"https:\/\/www.walksinsideflorence.it\/es\/","name":"Walks Inside Florence","description":"","publisher":{"@id":"https:\/\/www.walksinsideflorence.it\/es\/#organization"},"potentialAction":[{"@type":"SearchAction","target":{"@type":"EntryPoint","urlTemplate":"https:\/\/www.walksinsideflorence.it\/es\/?s={search_term_string}"},"query-input":{"@type":"PropertyValueSpecification","valueRequired":true,"valueName":"search_term_string"}}],"inLanguage":"es"},{"@type":"Organization","@id":"https:\/\/www.walksinsideflorence.it\/es\/#organization","name":"Walks Inside Florence","url":"https:\/\/www.walksinsideflorence.it\/es\/","logo":{"@type":"ImageObject","inLanguage":"es","@id":"https:\/\/www.walksinsideflorence.it\/es\/#\/schema\/logo\/image\/","url":"https:\/\/www.walksinsideflorence.it\/wp-content\/uploads\/2025\/05\/logo.png","contentUrl":"https:\/\/www.walksinsideflorence.it\/wp-content\/uploads\/2025\/05\/logo.png","width":170,"height":97,"caption":"Walks Inside Florence"},"image":{"@id":"https:\/\/www.walksinsideflorence.it\/es\/#\/schema\/logo\/image\/"}}]}},"_links":{"self":[{"href":"https:\/\/www.walksinsideflorence.it\/es\/wp-json\/wp\/v2\/tour\/1666","targetHints":{"allow":["GET"]}}],"collection":[{"href":"https:\/\/www.walksinsideflorence.it\/es\/wp-json\/wp\/v2\/tour"}],"about":[{"href":"https:\/\/www.walksinsideflorence.it\/es\/wp-json\/wp\/v2\/types\/tour"}],"wp:featuredmedia":[{"embeddable":true,"href":"https:\/\/www.walksinsideflorence.it\/es\/wp-json\/wp\/v2\/media\/993"}],"wp:attachment":[{"href":"https:\/\/www.walksinsideflorence.it\/es\/wp-json\/wp\/v2\/media?parent=1666"}],"wp:term":[{"taxonomy":"tour-category","embeddable":true,"href":"https:\/\/www.walksinsideflorence.it\/es\/wp-json\/wp\/v2\/tour-category?post=1666"},{"taxonomy":"tour-type","embeddable":true,"href":"https:\/\/www.walksinsideflorence.it\/es\/wp-json\/wp\/v2\/tour-type?post=1666"}],"curies":[{"name":"wp","href":"https:\/\/api.w.org\/{rel}","templated":true}]}}